{"id":20,"date":"2017-01-22T19:26:10","date_gmt":"2017-01-22T18:26:10","guid":{"rendered":"http:\/\/www.im3.dev\/presidentielle-2017\/?page_id=20"},"modified":"2017-02-17T16:14:13","modified_gmt":"2017-02-17T15:14:13","slug":"demarche","status":"publish","type":"page","link":"https:\/\/www.institutmontaigne.org\/presidentielle-2017\/demarche\/","title":{"rendered":"D\u00e9marche"},"content":{"rendered":"<p class=\"\">Suite au fort int\u00e9r\u00eat port\u00e9 par les citoyens, les responsables politiques et les acteurs \u00e9conomiques aux op\u00e9rations Chiffrages &#8211; D\u00e9chiffrages 2012, Municipales 2014, R\u00e9gionales 2015, et les primaires de la droite et de la gauche de fin 2016 &#8211; d\u00e9but 2017, <strong>l&#8217;Institut Montaigne a souhait\u00e9 renouveler cette initiative \u00e0 l\u2019occasion de l\u2019\u00e9lection pr\u00e9sidentielle de 2017<\/strong>.<\/p>\n<h2 class=\"\" style=\"text-align: center;\">L\u2019enjeu<\/h2>\n<p class=\"\">Par cette op\u00e9ration, notre ambition est <strong>d\u2019apporter aux citoyens des \u00e9l\u00e9ments objectifs d\u2019appr\u00e9ciation des propositions formul\u00e9es par les candidats<\/strong>. En compl\u00e9ment de l\u2019exercice de chiffrage, nous analysons les propositions \u00e0 la lumi\u00e8re d\u2019\u00e9l\u00e9ments non budg\u00e9taires, afin de d\u00e9crypter :<\/p>\n<ul>\n<li>\n<p class=\"\"><strong>leur mise en \u0153uvre<\/strong> : quel processus pour que la proposition entre en vigueur (r\u00e9glementaire, l\u00e9gislatif, r\u00e9vision de la constitution ? publics concern\u00e9s ?) ;<\/p>\n<\/li>\n<li>\n<p class=\"\"><strong>l\u2019historique de la proposition<\/strong> : la proposition a-t-elle d\u00e9j\u00e0 \u00e9t\u00e9 appliqu\u00e9e\/avanc\u00e9e en France ? Quand et par qui ? Pour quels effets ? ;<\/p>\n<\/li>\n<li>\n<p class=\"\"><strong>la proposition \u00e0 l\u2019\u00e9tranger<\/strong> : la proposition a-t-elle d\u00e9j\u00e0 \u00e9t\u00e9 appliqu\u00e9e\/avanc\u00e9e \u00e0 l\u2019\u00e9tranger ? Quand et par qui ? Pour quels effets ?<\/p>\n<\/li>\n<\/ul>\n<p class=\"\">Cette nouvelle grille d\u2019analyse s\u2019inscrit pleinement dans l\u2019objectif de p\u00e9dagogie et de synth\u00e8se de l\u2019Institut Montaigne. La pr\u00e9sentation de ces informations vise \u00e0 les rendre accessibles au plus grand nombre.<\/p>\n<h2 class=\"\" style=\"text-align: center;\">Nos objectifs<\/h2>\n<ul>\n<li>\n<p class=\"\"><strong>Contribuer \u00e0 la cr\u00e9dibilit\u00e9 de la parole et de l&#8217;action politique<\/strong>, en incitant les candidats et les partis \u00e0 davantage d&#8217;objectivit\u00e9, de responsabilit\u00e9 et de transparence dans leurs engagements \u00e9lectoraux ;<\/p>\n<\/li>\n<li>\n<p class=\"\"><strong>apporter des \u00e9l\u00e9ments au d\u00e9bat d\u00e9mocratique<\/strong>, en mettant \u00e0 la disposition des \u00e9lecteurs et des m\u00e9dias une cartographie des rep\u00e8res sur la situation des finances publiques ainsi qu&#8217;un recensement des arguments avanc\u00e9s pour chaque proposition ;<\/p>\n<\/li>\n<li>\n<p class=\"\"><strong>sensibiliser aux enjeux financiers et budg\u00e9taires<\/strong> : la gestion financi\u00e8re va \u00eatre de plus en plus contrainte. Cette nouvelle donne doit \u00eatre d\u00e9battue et prise en compte \u00e0 l&#8217;heure des \u00e9lections.<\/p>\n<\/li>\n<\/ul>\n<h2 class=\"\" style=\"text-align: center;\">Nos principes<\/h2>\n<ul>\n<li>\n<p class=\"\"><strong>Une exigence de qualit\u00e9 maximale :<\/strong> les membres de l&#8217;\u00e9quipe, en charge du chiffrage et de l\u2019analyse, sont des experts des finances publiques. Les proc\u00e9dures successives de validation et la coll\u00e9gialit\u00e9 de nos travaux garantissent la qualit\u00e9 des analyses et des chiffrages.<\/p>\n<\/li>\n<li>\n<p class=\"\"><strong>La neutralit\u00e9 de l&#8217;\u00e9quipe des chiffreurs :<\/strong> tous ceux qui contribuent \u00e0 notre op\u00e9ration s\u2019engagent \u00e0 travailler dans la plus compl\u00e8te objectivit\u00e9, garantie par la transparence absolue des sources et des calculs comme par les \u00e9changes nourris avec les \u00e9quipes des candidats qui ont toutes \u00e9t\u00e9 sollicit\u00e9es.<\/p>\n<\/li>\n<li>\n<p class=\"\"><strong>La contradiction et l\u2019interaction est au c\u0153ur de notre d\u00e9marche :<\/strong> faute d&#8217;un niveau de d\u00e9tail suffisant, de nombreuses propositions de campagne sont difficilement chiffrables ou n\u00e9cessitent de poser des hypoth\u00e8ses. Il est important qu&#8217;un dialogue contradictoire s&#8217;engage avec les \u00e9quipes de campagne pour permettre aux candidats de pr\u00e9ciser les chiffrages, de faire valoir un droit de r\u00e9ponse ou de s&#8217;exprimer sur les chiffrages de leurs concurrents. Les chiffrages \u00e9volueront \u00e9galement gr\u00e2ce aux nouvelles informations transmises par les candidats ou port\u00e9es par eux dans le d\u00e9bat public.<\/p>\n<\/li>\n<li>\n<p class=\"\"><strong>La transparence des analyses et des calculs :<\/strong> l&#8217;\u00e9quipe travaille uniquement sur des donn\u00e9es publiques et nos sources sont syst\u00e9matiquement pr\u00e9cis\u00e9es ; tous les \u00e9l\u00e9ments de chiffrage seront donc accessibles et v\u00e9rifiables en ligne.<\/p>\n<\/li>\n<\/ul>\n","protected":false},"excerpt":{"rendered":"<p>Suite au fort int\u00e9r\u00eat port\u00e9 par les citoyens, les responsables politiques et les acteurs \u00e9conomiques aux op\u00e9rations Chiffrages &#8211; D\u00e9chiffrages 2012, Municipales 2014, R\u00e9gionales 2015, et les primaires de la droite et de la gauche de fin 2016 &#8211; d\u00e9but 2017, l&#8217;Institut Montaigne a souhait\u00e9 renouveler cette initiative \u00e0 l\u2019occasion de l\u2019\u00e9lection pr\u00e9sidentielle de 2017. [&hellip;]<\/p>\n","protected":false},"author":1,"featured_media":0,"parent":0,"menu_order":0,"comment_status":"closed","ping_status":"closed","template":"template-contenu.php","meta":[],"_links":{"self":[{"href":"https:\/\/www.institutmontaigne.org\/presidentielle-2017\/wp-json\/wp\/v2\/pages\/20"}],"collection":[{"href":"https:\/\/www.institutmontaigne.org\/presidentielle-2017\/wp-json\/wp\/v2\/pages"}],"about":[{"href":"https:\/\/www.institutmontaigne.org\/presidentielle-2017\/wp-json\/wp\/v2\/types\/page"}],"author":[{"embeddable":true,"href":"https:\/\/www.institutmontaigne.org\/presidentielle-2017\/wp-json\/wp\/v2\/users\/1"}],"replies":[{"embeddable":true,"href":"https:\/\/www.institutmontaigne.org\/presidentielle-2017\/wp-json\/wp\/v2\/comments?post=20"}],"version-history":[{"count":3,"href":"https:\/\/www.institutmontaigne.org\/presidentielle-2017\/wp-json\/wp\/v2\/pages\/20\/revisions"}],"predecessor-version":[{"id":341,"href":"https:\/\/www.institutmontaigne.org\/presidentielle-2017\/wp-json\/wp\/v2\/pages\/20\/revisions\/341"}],"wp:attachment":[{"href":"https:\/\/www.institutmontaigne.org\/presidentielle-2017\/wp-json\/wp\/v2\/media?parent=20"}],"curies":[{"name":"wp","href":"https:\/\/api.w.org\/{rel}","templated":true}]}}